{"id":7637,"date":"2017-10-10T07:24:05","date_gmt":"2017-10-10T07:24:05","guid":{"rendered":"http:\/\/ampo.com\/es\/?p=7637"},"modified":"2017-10-10T07:24:05","modified_gmt":"2017-10-10T07:24:05","slug":"dia-de-los-jubilados-de-ampo","status":"publish","type":"new","link":"https:\/\/www.ampo.com\/es\/noticias\/dia-de-los-jubilados-de-ampo\/","title":{"rendered":"D\u00cdA DE LOS JUBILADOS DE AMPO"},"content":{"rendered":"<p><strong>El pasado 5 de octubre celebramos, como cada a\u00f1o, el D\u00eda de los Jubilados de AMPO<\/strong>.<\/p>\n<p>El principal objetivo de este d\u00eda tan especial es mantener vivo el v\u00ednculo entre los actuales socios y los jubilados de la cooperativa.<\/p>\n<p>Los jubilados llegaron a AMPO a primera hora de la ma\u00f1ana y el Presidente del Consejo Rector, Jon Gorrotxategi y el Coordinador General, Pablo Mendizabal, les informaron sobre la situaci\u00f3n actual de la cooperativa. Entre otras cosas, les informaron sobre la dif\u00edcil situaci\u00f3n que est\u00e1 viviendo el sector, compartieron con ellos los principales hitos del 2017 (incluyendo la inauguraci\u00f3n de la nueva planta en India, las obras del nuevo pabell\u00f3n de mecanizado en Idiazabal, el Proyecto LEAN, etc.), adem\u00e1s de presentar los temas que se est\u00e1n abordando en AMPO de cara al futuro. Al final de la presentaci\u00f3n, tambi\u00e9n tuvimos la oportunidad de disfrutar de un corto espect\u00e1culo del humorista Angel Alkain.<\/p>\n<p>Despu\u00e9s de todo esto, los jubilados visitaron las nuevas instalaciones de mecanizado y tambi\u00e9n las nuevas instalaciones de Replicast.<\/p>\n<p>Y para dar por finalizado el d\u00eda, los 93 jubilados disfrutaron de una Buena comida en el restaurante Mujika de Lierni junto con una amplia representaci\u00f3n de AMPO.<\/p>\n","protected":false},"featured_media":7630,"template":"","format":"standard","meta":{"_acf_changed":false,"inline_featured_image":false},"categories":[131,147],"class_list":["post-7637","new","type-new","status-publish","format-standard","has-post-thumbnail","hentry","category-news-media-es","category-grupo"],"acf":[],"yoast_head":"<!-- This site is optimized with the Yoast SEO plugin v26.0 - https:\/\/yoast.com\/wordpress\/plugins\/seo\/ -->\n<title>D\u00cdA DE LOS JUBILADOS DE AMPO - Ampo<\/title>\n<meta name=\"robots\" content=\"index, follow, max-snippet:-1, max-image-preview:large, max-video-preview:-1\" \/>\n<link rel=\"canonical\" href=\"https:\/\/www.ampo.com\/es\/noticias\/dia-de-los-jubilados-de-ampo\/\" \/>\n<meta property=\"og:locale\" content=\"es_ES\" \/>\n<meta property=\"og:type\" content=\"article\" \/>\n<meta property=\"og:title\" content=\"D\u00cdA DE LOS JUBILADOS DE AMPO - Ampo\" \/>\n<meta property=\"og:description\" content=\"El pasado 5 de octubre celebramos, como cada a\u00f1o, el D\u00eda de los Jubilados de AMPO. El principal objetivo de este d\u00eda tan especial es mantener vivo el v\u00ednculo entre los actuales socios y los jubilados de la cooperativa. Los jubilados llegaron a AMPO a primera hora de la ma\u00f1ana y el Presidente del Consejo [&hellip;]\" \/>\n<meta property=\"og:url\" content=\"https:\/\/www.ampo.com\/es\/noticias\/dia-de-los-jubilados-de-ampo\/\" \/>\n<meta property=\"og:site_name\" content=\"Ampo\" \/>\n<meta property=\"og:image\" content=\"https:\/\/www.ampo.com\/wp-content\/uploads\/2017\/10\/retireesday-1.jpg\" \/>\n\t<meta property=\"og:image:width\" content=\"2362\" \/>\n\t<meta property=\"og:image:height\" content=\"787\" \/>\n\t<meta property=\"og:image:type\" content=\"image\/jpeg\" \/>\n<meta name=\"twitter:card\" content=\"summary_large_image\" \/>\n<meta name=\"twitter:label1\" content=\"Tiempo de lectura\" \/>\n\t<meta name=\"twitter:data1\" content=\"1 minuto\" \/>\n<script type=\"application\/ld+json\" class=\"yoast-schema-graph\">{\"@context\":\"https:\/\/schema.org\",\"@graph\":[{\"@type\":\"WebPage\",\"@id\":\"https:\/\/www.ampo.com\/es\/noticias\/dia-de-los-jubilados-de-ampo\/\",\"url\":\"https:\/\/www.ampo.com\/es\/noticias\/dia-de-los-jubilados-de-ampo\/\",\"name\":\"D\u00cdA DE LOS JUBILADOS DE AMPO - Ampo\",\"isPartOf\":{\"@id\":\"https:\/\/www.ampo.com\/#website\"},\"primaryImageOfPage\":{\"@id\":\"https:\/\/www.ampo.com\/es\/noticias\/dia-de-los-jubilados-de-ampo\/#primaryimage\"},\"image\":{\"@id\":\"https:\/\/www.ampo.com\/es\/noticias\/dia-de-los-jubilados-de-ampo\/#primaryimage\"},\"thumbnailUrl\":\"https:\/\/www.ampo.com\/wp-content\/uploads\/2017\/10\/retireesday-1.jpg\",\"datePublished\":\"2017-10-10T07:24:05+00:00\",\"breadcrumb\":{\"@id\":\"https:\/\/www.ampo.com\/es\/noticias\/dia-de-los-jubilados-de-ampo\/#breadcrumb\"},\"inLanguage\":\"es\",\"potentialAction\":[{\"@type\":\"ReadAction\",\"target\":[\"https:\/\/www.ampo.com\/es\/noticias\/dia-de-los-jubilados-de-ampo\/\"]}]},{\"@type\":\"ImageObject\",\"inLanguage\":\"es\",\"@id\":\"https:\/\/www.ampo.com\/es\/noticias\/dia-de-los-jubilados-de-ampo\/#primaryimage\",\"url\":\"https:\/\/www.ampo.com\/wp-content\/uploads\/2017\/10\/retireesday-1.jpg\",\"contentUrl\":\"https:\/\/www.ampo.com\/wp-content\/uploads\/2017\/10\/retireesday-1.jpg\",\"width\":2362,\"height\":787},{\"@type\":\"BreadcrumbList\",\"@id\":\"https:\/\/www.ampo.com\/es\/noticias\/dia-de-los-jubilados-de-ampo\/#breadcrumb\",\"itemListElement\":[{\"@type\":\"ListItem\",\"position\":1,\"name\":\"Portada\",\"item\":\"https:\/\/www.ampo.com\/es\/\"},{\"@type\":\"ListItem\",\"position\":2,\"name\":\"News\",\"item\":\"https:\/\/www.ampo.com\/new\/\"},{\"@type\":\"ListItem\",\"position\":3,\"name\":\"D\u00cdA DE LOS JUBILADOS DE AMPO\"}]},{\"@type\":\"WebSite\",\"@id\":\"https:\/\/www.ampo.com\/#website\",\"url\":\"https:\/\/www.ampo.com\/\",\"name\":\"Ampo\",\"description\":\"\",\"publisher\":{\"@id\":\"https:\/\/www.ampo.com\/#organization\"},\"potentialAction\":[{\"@type\":\"SearchAction\",\"target\":{\"@type\":\"EntryPoint\",\"urlTemplate\":\"https:\/\/www.ampo.com\/?s={search_term_string}\"},\"query-input\":{\"@type\":\"PropertyValueSpecification\",\"valueRequired\":true,\"valueName\":\"search_term_string\"}}],\"inLanguage\":\"es\"},{\"@type\":\"Organization\",\"@id\":\"https:\/\/www.ampo.com\/#organization\",\"name\":\"Ampo\",\"url\":\"https:\/\/www.ampo.com\/\",\"logo\":{\"@type\":\"ImageObject\",\"inLanguage\":\"es\",\"@id\":\"https:\/\/www.ampo.com\/#\/schema\/logo\/image\/\",\"url\":\"https:\/\/www.ampo.com\/wp-content\/uploads\/2023\/07\/ampo-logo.png\",\"contentUrl\":\"https:\/\/www.ampo.com\/wp-content\/uploads\/2023\/07\/ampo-logo.png\",\"width\":642,\"height\":211,\"caption\":\"Ampo\"},\"image\":{\"@id\":\"https:\/\/www.ampo.com\/#\/schema\/logo\/image\/\"}}]}<\/script>\n<!-- \/ Yoast SEO plugin. -->","yoast_head_json":{"title":"D\u00cdA DE LOS JUBILADOS DE AMPO - Ampo","robots":{"index":"index","follow":"follow","max-snippet":"max-snippet:-1","max-image-preview":"max-image-preview:large","max-video-preview":"max-video-preview:-1"},"canonical":"https:\/\/www.ampo.com\/es\/noticias\/dia-de-los-jubilados-de-ampo\/","og_locale":"es_ES","og_type":"article","og_title":"D\u00cdA DE LOS JUBILADOS DE AMPO - Ampo","og_description":"El pasado 5 de octubre celebramos, como cada a\u00f1o, el D\u00eda de los Jubilados de AMPO. El principal objetivo de este d\u00eda tan especial es mantener vivo el v\u00ednculo entre los actuales socios y los jubilados de la cooperativa. Los jubilados llegaron a AMPO a primera hora de la ma\u00f1ana y el Presidente del Consejo [&hellip;]","og_url":"https:\/\/www.ampo.com\/es\/noticias\/dia-de-los-jubilados-de-ampo\/","og_site_name":"Ampo","og_image":[{"width":2362,"height":787,"url":"https:\/\/www.ampo.com\/wp-content\/uploads\/2017\/10\/retireesday-1.jpg","type":"image\/jpeg"}],"twitter_card":"summary_large_image","twitter_misc":{"Tiempo de lectura":"1 minuto"},"schema":{"@context":"https:\/\/schema.org","@graph":[{"@type":"WebPage","@id":"https:\/\/www.ampo.com\/es\/noticias\/dia-de-los-jubilados-de-ampo\/","url":"https:\/\/www.ampo.com\/es\/noticias\/dia-de-los-jubilados-de-ampo\/","name":"D\u00cdA DE LOS JUBILADOS DE AMPO - Ampo","isPartOf":{"@id":"https:\/\/www.ampo.com\/#website"},"primaryImageOfPage":{"@id":"https:\/\/www.ampo.com\/es\/noticias\/dia-de-los-jubilados-de-ampo\/#primaryimage"},"image":{"@id":"https:\/\/www.ampo.com\/es\/noticias\/dia-de-los-jubilados-de-ampo\/#primaryimage"},"thumbnailUrl":"https:\/\/www.ampo.com\/wp-content\/uploads\/2017\/10\/retireesday-1.jpg","datePublished":"2017-10-10T07:24:05+00:00","breadcrumb":{"@id":"https:\/\/www.ampo.com\/es\/noticias\/dia-de-los-jubilados-de-ampo\/#breadcrumb"},"inLanguage":"es","potentialAction":[{"@type":"ReadAction","target":["https:\/\/www.ampo.com\/es\/noticias\/dia-de-los-jubilados-de-ampo\/"]}]},{"@type":"ImageObject","inLanguage":"es","@id":"https:\/\/www.ampo.com\/es\/noticias\/dia-de-los-jubilados-de-ampo\/#primaryimage","url":"https:\/\/www.ampo.com\/wp-content\/uploads\/2017\/10\/retireesday-1.jpg","contentUrl":"https:\/\/www.ampo.com\/wp-content\/uploads\/2017\/10\/retireesday-1.jpg","width":2362,"height":787},{"@type":"BreadcrumbList","@id":"https:\/\/www.ampo.com\/es\/noticias\/dia-de-los-jubilados-de-ampo\/#breadcrumb","itemListElement":[{"@type":"ListItem","position":1,"name":"Portada","item":"https:\/\/www.ampo.com\/es\/"},{"@type":"ListItem","position":2,"name":"News","item":"https:\/\/www.ampo.com\/new\/"},{"@type":"ListItem","position":3,"name":"D\u00cdA DE LOS JUBILADOS DE AMPO"}]},{"@type":"WebSite","@id":"https:\/\/www.ampo.com\/#website","url":"https:\/\/www.ampo.com\/","name":"Ampo","description":"","publisher":{"@id":"https:\/\/www.ampo.com\/#organization"},"potentialAction":[{"@type":"SearchAction","target":{"@type":"EntryPoint","urlTemplate":"https:\/\/www.ampo.com\/?s={search_term_string}"},"query-input":{"@type":"PropertyValueSpecification","valueRequired":true,"valueName":"search_term_string"}}],"inLanguage":"es"},{"@type":"Organization","@id":"https:\/\/www.ampo.com\/#organization","name":"Ampo","url":"https:\/\/www.ampo.com\/","logo":{"@type":"ImageObject","inLanguage":"es","@id":"https:\/\/www.ampo.com\/#\/schema\/logo\/image\/","url":"https:\/\/www.ampo.com\/wp-content\/uploads\/2023\/07\/ampo-logo.png","contentUrl":"https:\/\/www.ampo.com\/wp-content\/uploads\/2023\/07\/ampo-logo.png","width":642,"height":211,"caption":"Ampo"},"image":{"@id":"https:\/\/www.ampo.com\/#\/schema\/logo\/image\/"}}]}},"_links":{"self":[{"href":"https:\/\/www.ampo.com\/es\/wp-json\/wp\/v2\/new\/7637","targetHints":{"allow":["GET"]}}],"collection":[{"href":"https:\/\/www.ampo.com\/es\/wp-json\/wp\/v2\/new"}],"about":[{"href":"https:\/\/www.ampo.com\/es\/wp-json\/wp\/v2\/types\/new"}],"wp:featuredmedia":[{"embeddable":true,"href":"https:\/\/www.ampo.com\/es\/wp-json\/wp\/v2\/media\/7630"}],"wp:attachment":[{"href":"https:\/\/www.ampo.com\/es\/wp-json\/wp\/v2\/media?parent=7637"}],"wp:term":[{"taxonomy":"category","embeddable":true,"href":"https:\/\/www.ampo.com\/es\/wp-json\/wp\/v2\/categories?post=7637"}],"curies":[{"name":"wp","href":"https:\/\/api.w.org\/{rel}","templated":true}]}}